{"id":374,"date":"2022-08-25T15:48:05","date_gmt":"2022-08-25T15:48:05","guid":{"rendered":"https:\/\/clinidentaria.pt\/tratamento\/protese-fixa-e-removivel\/"},"modified":"2022-09-05T17:14:13","modified_gmt":"2022-09-05T17:14:13","slug":"prothese-fixe-et-amovible","status":"publish","type":"tratamento","link":"https:\/\/clinidentaria.pt\/fr\/tratamento\/prothese-fixe-et-amovible\/","title":{"rendered":"Proth\u00e8se (fixe et amovible)"},"content":{"rendered":"<p>Proth\u00e8ses de r\u00e9\u00e9ducation orale.<\/p>\n","protected":false},"excerpt":{"rendered":"<p>Proth\u00e8ses de r\u00e9\u00e9ducation orale.<\/p>\n","protected":false},"featured_media":205,"parent":0,"menu_order":0,"template":"","acf":[],"yoast_head":"<!-- This site is optimized with the Yoast SEO plugin v19.6 - https:\/\/yoast.com\/wordpress\/plugins\/seo\/ -->\n<title>Proth\u00e8se (fixe et amovible) - Clinident\u00e1ria<\/title>\n<meta name=\"robots\" content=\"index, follow, max-snippet:-1, max-image-preview:large, max-video-preview:-1\" \/>\n<link rel=\"canonical\" href=\"https:\/\/clinidentaria.pt\/fr\/tratamento\/prothese-fixe-et-amovible\/\" \/>\n<meta property=\"og:locale\" content=\"fr_FR\" \/>\n<meta property=\"og:type\" content=\"article\" \/>\n<meta property=\"og:title\" content=\"Proth\u00e8se (fixe et amovible) - Clinident\u00e1ria\" \/>\n<meta property=\"og:description\" content=\"Proth\u00e8ses de r\u00e9\u00e9ducation orale.\" \/>\n<meta property=\"og:url\" content=\"https:\/\/clinidentaria.pt\/fr\/tratamento\/prothese-fixe-et-amovible\/\" \/>\n<meta property=\"og:site_name\" content=\"Clinident\u00e1ria\" \/>\n<meta property=\"article:modified_time\" content=\"2022-09-05T17:14:13+00:00\" \/>\n<meta property=\"og:image\" content=\"https:\/\/clinidentaria.pt\/wp-content\/uploads\/2022\/08\/icon2.png\" \/>\n\t<meta property=\"og:image:width\" content=\"106\" \/>\n\t<meta property=\"og:image:height\" content=\"103\" \/>\n\t<meta property=\"og:image:type\" content=\"image\/png\" \/>\n<meta name=\"twitter:card\" content=\"summary_large_image\" \/>\n<meta name=\"twitter:label1\" content=\"Est. reading time\" \/>\n\t<meta name=\"twitter:data1\" content=\"1 minute\" \/>\n<script type=\"application\/ld+json\" class=\"yoast-schema-graph\">{\"@context\":\"https:\/\/schema.org\",\"@graph\":[{\"@type\":\"WebPage\",\"@id\":\"https:\/\/clinidentaria.pt\/fr\/tratamento\/prothese-fixe-et-amovible\/\",\"url\":\"https:\/\/clinidentaria.pt\/fr\/tratamento\/prothese-fixe-et-amovible\/\",\"name\":\"Proth\u00e8se (fixe et amovible) - Clinident\u00e1ria\",\"isPartOf\":{\"@id\":\"https:\/\/clinidentaria.pt\/#website\"},\"datePublished\":\"2022-08-25T15:48:05+00:00\",\"dateModified\":\"2022-09-05T17:14:13+00:00\",\"breadcrumb\":{\"@id\":\"https:\/\/clinidentaria.pt\/fr\/tratamento\/prothese-fixe-et-amovible\/#breadcrumb\"},\"inLanguage\":\"fr-FR\",\"potentialAction\":[{\"@type\":\"ReadAction\",\"target\":[\"https:\/\/clinidentaria.pt\/fr\/tratamento\/prothese-fixe-et-amovible\/\"]}]},{\"@type\":\"BreadcrumbList\",\"@id\":\"https:\/\/clinidentaria.pt\/fr\/tratamento\/prothese-fixe-et-amovible\/#breadcrumb\",\"itemListElement\":[{\"@type\":\"ListItem\",\"position\":1,\"name\":\"In\u00edcio\",\"item\":\"https:\/\/clinidentaria.pt\/fr\/\"},{\"@type\":\"ListItem\",\"position\":2,\"name\":\"Proth\u00e8se (fixe et amovible)\"}]},{\"@type\":\"WebSite\",\"@id\":\"https:\/\/clinidentaria.pt\/#website\",\"url\":\"https:\/\/clinidentaria.pt\/\",\"name\":\"Clinident\u00e1ria\",\"description\":\"Clinica dent\u00e1ria situada na ribeira grande, Ilha de S\u00e3o Miguel, A\u00e7ores\",\"potentialAction\":[{\"@type\":\"SearchAction\",\"target\":{\"@type\":\"EntryPoint\",\"urlTemplate\":\"https:\/\/clinidentaria.pt\/?s={search_term_string}\"},\"query-input\":\"required name=search_term_string\"}],\"inLanguage\":\"fr-FR\"}]}<\/script>\n<!-- \/ Yoast SEO plugin. -->","yoast_head_json":{"title":"Proth\u00e8se (fixe et amovible) - Clinident\u00e1ria","robots":{"index":"index","follow":"follow","max-snippet":"max-snippet:-1","max-image-preview":"max-image-preview:large","max-video-preview":"max-video-preview:-1"},"canonical":"https:\/\/clinidentaria.pt\/fr\/tratamento\/prothese-fixe-et-amovible\/","og_locale":"fr_FR","og_type":"article","og_title":"Proth\u00e8se (fixe et amovible) - Clinident\u00e1ria","og_description":"Proth\u00e8ses de r\u00e9\u00e9ducation orale.","og_url":"https:\/\/clinidentaria.pt\/fr\/tratamento\/prothese-fixe-et-amovible\/","og_site_name":"Clinident\u00e1ria","article_modified_time":"2022-09-05T17:14:13+00:00","og_image":[{"width":106,"height":103,"url":"https:\/\/clinidentaria.pt\/wp-content\/uploads\/2022\/08\/icon2.png","type":"image\/png"}],"twitter_card":"summary_large_image","twitter_misc":{"Est. reading time":"1 minute"},"schema":{"@context":"https:\/\/schema.org","@graph":[{"@type":"WebPage","@id":"https:\/\/clinidentaria.pt\/fr\/tratamento\/prothese-fixe-et-amovible\/","url":"https:\/\/clinidentaria.pt\/fr\/tratamento\/prothese-fixe-et-amovible\/","name":"Proth\u00e8se (fixe et amovible) - Clinident\u00e1ria","isPartOf":{"@id":"https:\/\/clinidentaria.pt\/#website"},"datePublished":"2022-08-25T15:48:05+00:00","dateModified":"2022-09-05T17:14:13+00:00","breadcrumb":{"@id":"https:\/\/clinidentaria.pt\/fr\/tratamento\/prothese-fixe-et-amovible\/#breadcrumb"},"inLanguage":"fr-FR","potentialAction":[{"@type":"ReadAction","target":["https:\/\/clinidentaria.pt\/fr\/tratamento\/prothese-fixe-et-amovible\/"]}]},{"@type":"BreadcrumbList","@id":"https:\/\/clinidentaria.pt\/fr\/tratamento\/prothese-fixe-et-amovible\/#breadcrumb","itemListElement":[{"@type":"ListItem","position":1,"name":"In\u00edcio","item":"https:\/\/clinidentaria.pt\/fr\/"},{"@type":"ListItem","position":2,"name":"Proth\u00e8se (fixe et amovible)"}]},{"@type":"WebSite","@id":"https:\/\/clinidentaria.pt\/#website","url":"https:\/\/clinidentaria.pt\/","name":"Clinident\u00e1ria","description":"Clinica dent\u00e1ria situada na ribeira grande, Ilha de S\u00e3o Miguel, A\u00e7ores","potentialAction":[{"@type":"SearchAction","target":{"@type":"EntryPoint","urlTemplate":"https:\/\/clinidentaria.pt\/?s={search_term_string}"},"query-input":"required name=search_term_string"}],"inLanguage":"fr-FR"}]}},"_links":{"self":[{"href":"https:\/\/clinidentaria.pt\/fr\/wp-json\/wp\/v2\/tratamento\/374"}],"collection":[{"href":"https:\/\/clinidentaria.pt\/fr\/wp-json\/wp\/v2\/tratamento"}],"about":[{"href":"https:\/\/clinidentaria.pt\/fr\/wp-json\/wp\/v2\/types\/tratamento"}],"version-history":[{"count":1,"href":"https:\/\/clinidentaria.pt\/fr\/wp-json\/wp\/v2\/tratamento\/374\/revisions"}],"predecessor-version":[{"id":409,"href":"https:\/\/clinidentaria.pt\/fr\/wp-json\/wp\/v2\/tratamento\/374\/revisions\/409"}],"wp:featuredmedia":[{"embeddable":true,"href":"https:\/\/clinidentaria.pt\/fr\/wp-json\/wp\/v2\/media\/205"}],"wp:attachment":[{"href":"https:\/\/clinidentaria.pt\/fr\/wp-json\/wp\/v2\/media?parent=374"}],"curies":[{"name":"wp","href":"https:\/\/api.w.org\/{rel}","templated":true}]}}